{"id":3740,"date":"2019-10-24T16:17:30","date_gmt":"2019-10-24T18:17:30","guid":{"rendered":"https:\/\/camtra.org.br\/?page_id=3740"},"modified":"2019-10-24T16:17:30","modified_gmt":"2019-10-24T18:17:30","slug":"o-que-e-identidade-de-genero","status":"publish","type":"page","link":"https:\/\/novo2023.camtra.org.br\/index.php\/o-que-e-identidade-de-genero\/","title":{"rendered":"O que \u00e9 Identidade de G\u00eanero?"},"content":{"rendered":"<div id=\"fb-root\"><\/div>\n<p>[vc_row css=&#8221;.vc_custom_1541765860524{margin-bottom: 30px !important;background: #f3d8e5 url(https:\/\/camtra.org.br\/wp-content\/uploads\/2018\/11\/Defenda-se-banner-1.jpg?id=1354) !important;background-position: center !important;background-repeat: no-repeat !important;background-size: cover !important;}&#8221;][vc_column][vc_empty_space height=&#8221;140&#8243;][vc_column_text]<\/p>\n<h2 class=\"vc_custom_heading tit-cabeca-foto\"><a href=\"https:\/\/camtra.org.br\/defenda-se\/\">Defenda-se<\/a><\/h2>\n<p>[\/vc_column_text][vc_empty_space height=&#8221;140&#8243;][\/vc_column][\/vc_row][vc_row css=&#8221;.vc_custom_1541774721804{padding-top: 0px !important;}&#8221;][vc_column css=&#8221;.vc_custom_1543798889117{background-color: #dedede !important;}&#8221;][headline_subtitle title=&#8221;O que \u00e9 Identidade de G\u00eanero?&#8221; subtitle=&#8221;A constru\u00e7\u00e3o da identidade de g\u00eanero \u2013 isto \u00e9, designar-se, comportar-se e assumir socialmente o papel de mulher ou de homem \u2013 n\u00e3o decorre puramente do determinismo biol\u00f3gico. Significa dizer que o fato de um ser humano apresentar um conjunto de informa\u00e7\u00f5es cromoss\u00f4micas, \u00f3rg\u00e3os genitais e caracter\u00edsticas reprodutivas e fisiol\u00f3gicas espec\u00edficas n\u00e3o o define como homem ou mulher. Isso porque o g\u00eanero n\u00e3o se adquire biologicamente ou anatomicamente. Pelo contr\u00e1rio, \u00e9 uma experi\u00eancia interna, individual, que pode ou n\u00e3o corresponder ao sexo biol\u00f3gico. A identidade de g\u00eanero \u00e9 a percep\u00e7\u00e3o que uma pessoa tem de si mesma, como pertencente ao g\u00eanero masculino, feminino ou a qualquer outra identidade que n\u00e3o corresponda aos padr\u00f5es sociais conhecidos.&#8221;][vc_row_inner css=&#8221;.vc_custom_1541770215790{margin-bottom: 30px !important;}&#8221;][vc_column_inner width=&#8221;1\/2&#8243; offset=&#8221;vc_col-lg-4 vc_col-md-4 vc_hidden-xs&#8221; css=&#8221;.vc_custom_1588925984740{margin-left: 20px !important;}&#8221;][vc_empty_space height=&#8221;30&#8243;][vc_column_text][static_content id=&#8217;4891&#8242;][\/vc_column_text][\/vc_column_inner][vc_column_inner width=&#8221;1\/2&#8243; offset=&#8221;vc_col-lg-4 vc_col-md-4&#8243;][vc_column_text]<\/p>\n<h4>Voc\u00ea passou por uma situa\u00e7\u00e3o de LGBTFobia?<\/h4>\n<p>Viol\u00eancias contra a popula\u00e7\u00e3o LGBT est\u00e3o presentes nos diferentes grupos de conviv\u00eancia social e forma\u00e7\u00e3o de identidades. As ramifica\u00e7\u00f5es se fazem notar no meio familiar, nas escolas, na igreja, na rua, no posto de sa\u00fade, na m\u00eddia, nos ambientes de trabalho, nas for\u00e7as armadas, na justi\u00e7a, na pol\u00edcia, em diversas esferas do poder p\u00fablico e na falta de pol\u00edticas p\u00fablicas afirmativas que contemplem a comunidade LGBTT (Mott, 2006).<\/p>\n<p>Dentre os tipos de viol\u00eancia LGBTf\u00f3bica, podemos verificar as seguintes pr\u00e1ticas:<\/p>\n<p>&#8211; Viol\u00eancia f\u00edsica, agress\u00f5es, espancamentos<\/p>\n<p>&#8211; Cyberbullying, agress\u00f5es de cunho moral em forma de xingamentos e provoca\u00e7\u00f5es que buscam menosprezar e difamar. No caso da LGBTfobia, as difama\u00e7\u00f5es morais t\u00eam por objetivo atingir algu\u00e9m por ser l\u00e9sbica, gay, bissexual, pela identidade de g\u00eanero (mulheres e homens trans, travestis, n\u00e3o-bin\u00e1rios) ou pela sua express\u00e3o de g\u00eanero, quer dizer, pela forma como a sociedade que a conformidade dos g\u00eaneros.<\/p>\n<p>&#8211; Impedir ou dificultar acesso ou perman\u00eancia a emprego ou promo\u00e7\u00e3o na administra\u00e7\u00e3o p\u00fablica e\/ou empresas privadas ou em qualquer ramo das For\u00e7as Armadas;<\/p>\n<p>&#8211; Tratar as\/os empregadas\/os de forma diferenciada, quanto ao sal\u00e1rio, acesso a equipamentos e condi\u00e7\u00f5es necess\u00e1rias; entre outros;<\/p>\n<p>&#8211; Realizar an\u00fancios ou qualquer outra forma de divulga\u00e7\u00e3o de vagas com exig\u00eancias \u00e0 aspectos de apar\u00eancia pr\u00f3prios de ra\u00e7a ou etnia, salvo se as atividades justificarem essas exig\u00eancias;<\/p>\n<p>&#8211; Impedir acesso, perman\u00eancia e\/ou atendimento em estabelecimentos comerciais, escolas, hot\u00e9is, restaurantes, bares, estabelecimentos esportivos e recreativos, cabeleireiros, entradas sociais de edif\u00edcios e elevadores, uso de transportes p\u00fablicos;<\/p>\n<p>&#8211; Impedir ou criar obst\u00e1culos para realiza\u00e7\u00e3o de casamento ou conviv\u00eancia familiar e social;<\/p>\n<p>&#8211; Praticar, induzir ou incitar a discrimina\u00e7\u00e3o ou preconceito de ra\u00e7a, cor, etnia, religi\u00e3o ou proced\u00eancia nacional, incluindo a utiliza\u00e7\u00e3o de meios de comunica\u00e7\u00e3o social (r\u00e1dio, televis\u00e3o, internet etc.) ou publica\u00e7\u00e3o de qualquer natureza (livro, jornal, revista, folheto etc.).<\/p>\n<p>Se voc\u00ea passou ou por algumas dessas situa\u00e7\u00f5es de LGBTfobia, receba nossa solidariedade e saiba que n\u00e3o est\u00e1 sozinh@. Veja ao lado algumas informa\u00e7\u00f5es que podem te ajudar.<\/p>\n<p>[static_content id=&#8217;1759&#8242;][\/vc_column_text][\/vc_column_inner][vc_column_inner offset=&#8221;vc_col-lg-4 vc_col-md-4&#8243;][vc_empty_space height=&#8221;15&#8243;][vc_column_text][static_block id=&#8217;3713&#8242;][\/vc_column_text][\/vc_column_inner][\/vc_row_inner][\/vc_column][\/vc_row][vc_row css=&#8221;.vc_custom_1543799197314{margin-top: 40px !important;}&#8221;][vc_column css=&#8221;.vc_custom_1543799302994{background-color: #dedede !important;}&#8221;][vc_column_text][static_content id=&#8217;2040&#8242;][\/vc_column_text][\/vc_column][\/vc_row]<\/p>\n","protected":false},"excerpt":{"rendered":"<p>[vc_row css=&#8221;.vc_custom_1541765860524{margin-bottom: 30px !important;background: #f3d8e5 url(https:\/\/camtra.org.br\/wp-content\/uploads\/2018\/11\/Defenda-se-banner-1.jpg?id=1354) !important;background-position: center !important;background-repeat: no-repeat !important;background-size: cover !important;}&#8221;][vc_column][vc_empty_space height=&#8221;140&#8243;][vc_column_text] Defenda-se [\/vc_column_text][vc_empty_space height=&#8221;140&#8243;][\/vc_column][\/vc_row][vc_row css=&#8221;.vc_custom_1541774721804{padding-top: 0px !important;}&#8221;][vc_column css=&#8221;.vc_custom_1543798889117{background-color: #dedede !important;}&#8221;][headline_subtitle title=&#8221;O que \u00e9 Identidade de G\u00eanero?&#8221; subtitle=&#8221;A [&hellip;]<\/p>\n","protected":false},"author":3,"featured_media":0,"parent":0,"menu_order":200,"comment_status":"closed","ping_status":"closed","template":"","meta":{"om_disable_all_campaigns":false,"_monsterinsights_skip_tracking":false,"_monsterinsights_sitenote_active":false,"_monsterinsights_sitenote_note":"","_monsterinsights_sitenote_category":0,"_uf_show_specific_survey":0,"_uf_disable_surveys":false,"ocean_post_layout":"","ocean_both_sidebars_style":"","ocean_both_sidebars_content_width":0,"ocean_both_sidebars_sidebars_width":0,"ocean_sidebar":"","ocean_second_sidebar":"","ocean_disable_margins":"enable","ocean_add_body_class":"","ocean_shortcode_before_top_bar":"","ocean_shortcode_after_top_bar":"","ocean_shortcode_before_header":"","ocean_shortcode_after_header":"","ocean_has_shortcode":"","ocean_shortcode_after_title":"","ocean_shortcode_before_footer_widgets":"","ocean_shortcode_after_footer_widgets":"","ocean_shortcode_before_footer_bottom":"","ocean_shortcode_after_footer_bottom":"","ocean_display_top_bar":"default","ocean_display_header":"default","ocean_header_style":"","ocean_center_header_left_menu":"","ocean_custom_header_template":"","ocean_custom_logo":0,"ocean_custom_retina_logo":0,"ocean_custom_logo_max_width":0,"ocean_custom_logo_tablet_max_width":0,"ocean_custom_logo_mobile_max_width":0,"ocean_custom_logo_max_height":0,"ocean_custom_logo_tablet_max_height":0,"ocean_custom_logo_mobile_max_height":0,"ocean_header_custom_menu":"","ocean_menu_typo_font_family":"","ocean_menu_typo_font_subset":"","ocean_menu_typo_font_size":0,"ocean_menu_typo_font_size_tablet":0,"ocean_menu_typo_font_size_mobile":0,"ocean_menu_typo_font_size_unit":"px","ocean_menu_typo_font_weight":"","ocean_menu_typo_font_weight_tablet":"","ocean_menu_typo_font_weight_mobile":"","ocean_menu_typo_transform":"","ocean_menu_typo_transform_tablet":"","ocean_menu_typo_transform_mobile":"","ocean_menu_typo_line_height":0,"ocean_menu_typo_line_height_tablet":0,"ocean_menu_typo_line_height_mobile":0,"ocean_menu_typo_line_height_unit":"","ocean_menu_typo_spacing":0,"ocean_menu_typo_spacing_tablet":0,"ocean_menu_typo_spacing_mobile":0,"ocean_menu_typo_spacing_unit":"","ocean_menu_link_color":"","ocean_menu_link_color_hover":"","ocean_menu_link_color_active":"","ocean_menu_link_background":"","ocean_menu_link_hover_background":"","ocean_menu_link_active_background":"","ocean_menu_social_links_bg":"","ocean_menu_social_hover_links_bg":"","ocean_menu_social_links_color":"","ocean_menu_social_hover_links_color":"","ocean_disable_title":"default","ocean_disable_heading":"default","ocean_post_title":"","ocean_post_subheading":"","ocean_post_title_style":"","ocean_post_title_background_color":"","ocean_post_title_background":0,"ocean_post_title_bg_image_position":"","ocean_post_title_bg_image_attachment":"","ocean_post_title_bg_image_repeat":"","ocean_post_title_bg_image_size":"","ocean_post_title_height":0,"ocean_post_title_bg_overlay":0.5,"ocean_post_title_bg_overlay_color":"","ocean_disable_breadcrumbs":"default","ocean_breadcrumbs_color":"","ocean_breadcrumbs_separator_color":"","ocean_breadcrumbs_links_color":"","ocean_breadcrumbs_links_hover_color":"","ocean_display_footer_widgets":"default","ocean_display_footer_bottom":"default","ocean_custom_footer_template":"","footnotes":""},"class_list":["post-3740","page","type-page","status-publish","hentry","entry"],"aioseo_notices":[],"yoast_head":"<!-- This site is optimized with the Yoast SEO plugin v23.0 - https:\/\/yoast.com\/wordpress\/plugins\/seo\/ -->\n<title>O que \u00e9 Identidade de G\u00eanero? - CAMTRA NOVO<\/title>\n<meta name=\"robots\" content=\"index, follow, max-snippet:-1, max-image-preview:large, max-video-preview:-1\" \/>\n<link rel=\"canonical\" href=\"https:\/\/novo2023.camtra.org.br\/index.php\/o-que-e-identidade-de-genero\/\" \/>\n<meta property=\"og:locale\" content=\"pt_BR\" \/>\n<meta property=\"og:type\" content=\"article\" \/>\n<meta property=\"og:title\" content=\"O que \u00e9 Identidade de G\u00eanero? - CAMTRA NOVO\" \/>\n<meta property=\"og:description\" content=\"[vc_row css=&#8221;.vc_custom_1541765860524{margin-bottom: 30px !important;background: #f3d8e5 url(https:\/\/camtra.org.br\/wp-content\/uploads\/2018\/11\/Defenda-se-banner-1.jpg?id=1354) !important;background-position: center !important;background-repeat: no-repeat !important;background-size: cover !important;}&#8221;][vc_column][vc_empty_space height=&#8221;140&#8243;][vc_column_text] Defenda-se [\/vc_column_text][vc_empty_space height=&#8221;140&#8243;][\/vc_column][\/vc_row][vc_row css=&#8221;.vc_custom_1541774721804{padding-top: 0px !important;}&#8221;][vc_column css=&#8221;.vc_custom_1543798889117{background-color: #dedede !important;}&#8221;][headline_subtitle title=&#8221;O que \u00e9 Identidade de G\u00eanero?&#8221; subtitle=&#8221;A [&hellip;]\" \/>\n<meta property=\"og:url\" content=\"https:\/\/novo2023.camtra.org.br\/index.php\/o-que-e-identidade-de-genero\/\" \/>\n<meta property=\"og:site_name\" content=\"CAMTRA NOVO\" \/>\n<meta name=\"twitter:card\" content=\"summary_large_image\" \/>\n<meta name=\"twitter:label1\" content=\"Est. tempo de leitura\" \/>\n\t<meta name=\"twitter:data1\" content=\"4 minutos\" \/>\n<script type=\"application\/ld+json\" class=\"yoast-schema-graph\">{\"@context\":\"https:\/\/schema.org\",\"@graph\":[{\"@type\":\"WebPage\",\"@id\":\"https:\/\/novo2023.camtra.org.br\/index.php\/o-que-e-identidade-de-genero\/\",\"url\":\"https:\/\/novo2023.camtra.org.br\/index.php\/o-que-e-identidade-de-genero\/\",\"name\":\"O que \u00e9 Identidade de G\u00eanero? - CAMTRA NOVO\",\"isPartOf\":{\"@id\":\"https:\/\/novo2023.camtra.org.br\/#website\"},\"datePublished\":\"2019-10-24T18:17:30+00:00\",\"dateModified\":\"2019-10-24T18:17:30+00:00\",\"breadcrumb\":{\"@id\":\"https:\/\/novo2023.camtra.org.br\/index.php\/o-que-e-identidade-de-genero\/#breadcrumb\"},\"inLanguage\":\"pt-BR\",\"potentialAction\":[{\"@type\":\"ReadAction\",\"target\":[\"https:\/\/novo2023.camtra.org.br\/index.php\/o-que-e-identidade-de-genero\/\"]}]},{\"@type\":\"BreadcrumbList\",\"@id\":\"https:\/\/novo2023.camtra.org.br\/index.php\/o-que-e-identidade-de-genero\/#breadcrumb\",\"itemListElement\":[{\"@type\":\"ListItem\",\"position\":1,\"name\":\"Home\",\"item\":\"https:\/\/novo2023.camtra.org.br\/\"},{\"@type\":\"ListItem\",\"position\":2,\"name\":\"O que \u00e9 Identidade de G\u00eanero?\"}]},{\"@type\":\"WebSite\",\"@id\":\"https:\/\/novo2023.camtra.org.br\/#website\",\"url\":\"https:\/\/novo2023.camtra.org.br\/\",\"name\":\"CAMTRA NOVO\",\"description\":\"\",\"publisher\":{\"@id\":\"https:\/\/novo2023.camtra.org.br\/#organization\"},\"potentialAction\":[{\"@type\":\"SearchAction\",\"target\":{\"@type\":\"EntryPoint\",\"urlTemplate\":\"https:\/\/novo2023.camtra.org.br\/?s={search_term_string}\"},\"query-input\":\"required name=search_term_string\"}],\"inLanguage\":\"pt-BR\"},{\"@type\":\"Organization\",\"@id\":\"https:\/\/novo2023.camtra.org.br\/#organization\",\"name\":\"CAMTRA NOVO\",\"url\":\"https:\/\/novo2023.camtra.org.br\/\",\"logo\":{\"@type\":\"ImageObject\",\"inLanguage\":\"pt-BR\",\"@id\":\"https:\/\/novo2023.camtra.org.br\/#\/schema\/logo\/image\/\",\"url\":\"https:\/\/novo2023.camtra.org.br\/wp-content\/uploads\/2024\/01\/CAMTRA-comflor-roxa-logo_logo-camtra-principal-flor.png\",\"contentUrl\":\"https:\/\/novo2023.camtra.org.br\/wp-content\/uploads\/2024\/01\/CAMTRA-comflor-roxa-logo_logo-camtra-principal-flor.png\",\"width\":1172,\"height\":330,\"caption\":\"CAMTRA NOVO\"},\"image\":{\"@id\":\"https:\/\/novo2023.camtra.org.br\/#\/schema\/logo\/image\/\"}}]}<\/script>\n<!-- \/ Yoast SEO plugin. -->","yoast_head_json":{"title":"O que \u00e9 Identidade de G\u00eanero? - CAMTRA NOVO","robots":{"index":"index","follow":"follow","max-snippet":"max-snippet:-1","max-image-preview":"max-image-preview:large","max-video-preview":"max-video-preview:-1"},"canonical":"https:\/\/novo2023.camtra.org.br\/index.php\/o-que-e-identidade-de-genero\/","og_locale":"pt_BR","og_type":"article","og_title":"O que \u00e9 Identidade de G\u00eanero? - CAMTRA NOVO","og_description":"[vc_row css=&#8221;.vc_custom_1541765860524{margin-bottom: 30px !important;background: #f3d8e5 url(https:\/\/camtra.org.br\/wp-content\/uploads\/2018\/11\/Defenda-se-banner-1.jpg?id=1354) !important;background-position: center !important;background-repeat: no-repeat !important;background-size: cover !important;}&#8221;][vc_column][vc_empty_space height=&#8221;140&#8243;][vc_column_text] Defenda-se [\/vc_column_text][vc_empty_space height=&#8221;140&#8243;][\/vc_column][\/vc_row][vc_row css=&#8221;.vc_custom_1541774721804{padding-top: 0px !important;}&#8221;][vc_column css=&#8221;.vc_custom_1543798889117{background-color: #dedede !important;}&#8221;][headline_subtitle title=&#8221;O que \u00e9 Identidade de G\u00eanero?&#8221; subtitle=&#8221;A [&hellip;]","og_url":"https:\/\/novo2023.camtra.org.br\/index.php\/o-que-e-identidade-de-genero\/","og_site_name":"CAMTRA NOVO","twitter_card":"summary_large_image","twitter_misc":{"Est. tempo de leitura":"4 minutos"},"schema":{"@context":"https:\/\/schema.org","@graph":[{"@type":"WebPage","@id":"https:\/\/novo2023.camtra.org.br\/index.php\/o-que-e-identidade-de-genero\/","url":"https:\/\/novo2023.camtra.org.br\/index.php\/o-que-e-identidade-de-genero\/","name":"O que \u00e9 Identidade de G\u00eanero? - CAMTRA NOVO","isPartOf":{"@id":"https:\/\/novo2023.camtra.org.br\/#website"},"datePublished":"2019-10-24T18:17:30+00:00","dateModified":"2019-10-24T18:17:30+00:00","breadcrumb":{"@id":"https:\/\/novo2023.camtra.org.br\/index.php\/o-que-e-identidade-de-genero\/#breadcrumb"},"inLanguage":"pt-BR","potentialAction":[{"@type":"ReadAction","target":["https:\/\/novo2023.camtra.org.br\/index.php\/o-que-e-identidade-de-genero\/"]}]},{"@type":"BreadcrumbList","@id":"https:\/\/novo2023.camtra.org.br\/index.php\/o-que-e-identidade-de-genero\/#breadcrumb","itemListElement":[{"@type":"ListItem","position":1,"name":"Home","item":"https:\/\/novo2023.camtra.org.br\/"},{"@type":"ListItem","position":2,"name":"O que \u00e9 Identidade de G\u00eanero?"}]},{"@type":"WebSite","@id":"https:\/\/novo2023.camtra.org.br\/#website","url":"https:\/\/novo2023.camtra.org.br\/","name":"CAMTRA NOVO","description":"","publisher":{"@id":"https:\/\/novo2023.camtra.org.br\/#organization"},"potentialAction":[{"@type":"SearchAction","target":{"@type":"EntryPoint","urlTemplate":"https:\/\/novo2023.camtra.org.br\/?s={search_term_string}"},"query-input":"required name=search_term_string"}],"inLanguage":"pt-BR"},{"@type":"Organization","@id":"https:\/\/novo2023.camtra.org.br\/#organization","name":"CAMTRA NOVO","url":"https:\/\/novo2023.camtra.org.br\/","logo":{"@type":"ImageObject","inLanguage":"pt-BR","@id":"https:\/\/novo2023.camtra.org.br\/#\/schema\/logo\/image\/","url":"https:\/\/novo2023.camtra.org.br\/wp-content\/uploads\/2024\/01\/CAMTRA-comflor-roxa-logo_logo-camtra-principal-flor.png","contentUrl":"https:\/\/novo2023.camtra.org.br\/wp-content\/uploads\/2024\/01\/CAMTRA-comflor-roxa-logo_logo-camtra-principal-flor.png","width":1172,"height":330,"caption":"CAMTRA NOVO"},"image":{"@id":"https:\/\/novo2023.camtra.org.br\/#\/schema\/logo\/image\/"}}]}},"_links":{"self":[{"href":"https:\/\/novo2023.camtra.org.br\/index.php\/wp-json\/wp\/v2\/pages\/3740"}],"collection":[{"href":"https:\/\/novo2023.camtra.org.br\/index.php\/wp-json\/wp\/v2\/pages"}],"about":[{"href":"https:\/\/novo2023.camtra.org.br\/index.php\/wp-json\/wp\/v2\/types\/page"}],"author":[{"embeddable":true,"href":"https:\/\/novo2023.camtra.org.br\/index.php\/wp-json\/wp\/v2\/users\/3"}],"replies":[{"embeddable":true,"href":"https:\/\/novo2023.camtra.org.br\/index.php\/wp-json\/wp\/v2\/comments?post=3740"}],"version-history":[{"count":0,"href":"https:\/\/novo2023.camtra.org.br\/index.php\/wp-json\/wp\/v2\/pages\/3740\/revisions"}],"wp:attachment":[{"href":"https:\/\/novo2023.camtra.org.br\/index.php\/wp-json\/wp\/v2\/media?parent=3740"}],"curies":[{"name":"wp","href":"https:\/\/api.w.org\/{rel}","templated":true}]}}