{"id":12285,"date":"2024-04-15T21:25:30","date_gmt":"2024-04-15T21:25:30","guid":{"rendered":"https:\/\/novo2023.camtra.org.br\/?page_id=12285"},"modified":"2024-07-11T19:20:51","modified_gmt":"2024-07-11T19:20:51","slug":"live-da-camtra","status":"publish","type":"page","link":"https:\/\/novo2023.camtra.org.br\/index.php\/live-da-camtra\/","title":{"rendered":"Lives da CAMTRA"},"content":{"rendered":"<div id=\"fb-root\"><\/div>\n\t\t<div data-elementor-type=\"wp-page\" data-elementor-id=\"12285\" class=\"elementor elementor-12285\">\n\t\t\t\t<div class=\"elementor-element elementor-element-e1b4ffa e-flex e-con-boxed e-con e-parent\" data-id=\"e1b4ffa\" data-element_type=\"container\">\n\t\t\t\t\t<div class=\"e-con-inner\">\n\t\t\t\t<div class=\"elementor-element elementor-element-ffc9d25 exad-sticky-section-no exad-glass-effect-no elementor-widget elementor-widget-heading\" data-id=\"ffc9d25\" data-element_type=\"widget\" data-widget_type=\"heading.default\">\n\t\t\t\t<div class=\"elementor-widget-container\">\n\t\t\t<style>\/*! elementor - v3.23.0 - 15-07-2024 *\/\n.elementor-heading-title{padding:0;margin:0;line-height:1}.elementor-widget-heading .elementor-heading-title[class*=elementor-size-]>a{color:inherit;font-size:inherit;line-height:inherit}.elementor-widget-heading .elementor-heading-title.elementor-size-small{font-size:15px}.elementor-widget-heading .elementor-heading-title.elementor-size-medium{font-size:19px}.elementor-widget-heading .elementor-heading-title.elementor-size-large{font-size:29px}.elementor-widget-heading .elementor-heading-title.elementor-size-xl{font-size:39px}.elementor-widget-heading .elementor-heading-title.elementor-size-xxl{font-size:59px}<\/style><h1 class=\"elementor-heading-title elementor-size-default\">Live da CAMTRA<\/h1>\t\t<\/div>\n\t\t\t\t<\/div>\n\t\t\t\t\t<\/div>\n\t\t\t\t<\/div>\n\t\t<div class=\"elementor-element elementor-element-5fd44bb e-flex e-con-boxed e-con e-parent\" data-id=\"5fd44bb\" data-element_type=\"container\">\n\t\t\t\t\t<div class=\"e-con-inner\">\n\t\t\t\t<div class=\"elementor-element elementor-element-e918569 exad-sticky-section-no exad-glass-effect-no elementor-widget elementor-widget-exad-post-grid\" data-id=\"e918569\" data-element_type=\"widget\" data-widget_type=\"exad-post-grid.default\">\n\t\t\t\t<div class=\"elementor-widget-container\">\n\t\t\t\t\t\n\n\t\t<div class=\"exad-post-grid\">\n\t\t\t<div class=\"exad-row-wrapper\">\n\t\t\t\t\n<article class=\"exad-post-grid-three exad-col  \">\n    <div class=\"exad-post-grid-container image-position-top exad-post-grid-equal-height-\">\n                    <figure class=\"exad-post-grid-thumbnail\">\n                <a href=\"https:\/\/novo2023.camtra.org.br\/index.php\/2020\/11\/12\/live-da-camtra-vote-pelas-mulheres\/\">\n                    <img fetchpriority=\"high\" decoding=\"async\" width=\"768\" height=\"768\" src=\"https:\/\/novo2023.camtra.org.br\/wp-content\/uploads\/2020\/11\/Vote-Pelas-Mulheres-1-768x768.png\" class=\"attachment-medium_large size-medium_large wp-post-image\" alt=\"\" \/>                <\/a>\n                \n                            <\/figure>\n        \n        <div class=\"exad-post-grid-body\">\n                            <ul class=\"exad-post-grid-category cat-posdefault\">\n                    <li><a href=\"https:\/\/novo2023.camtra.org.br\/index.php\/category\/live-do-camtra\/\">Live do CAMTRA<\/a><\/li> <li><a href=\"https:\/\/novo2023.camtra.org.br\/index.php\/category\/politica\/\">Pol\u00edtica<\/a><\/li>                <\/ul>\n                                <ul class=\"exad-post-data show-avatar-no\">\n                                                                            <li class=\"exad-post-date\">\n                                <span>\n                                    Data:                                     <a href=\"https:\/\/novo2023.camtra.org.br\/index.php\/2020\/11\/12\/live-da-camtra-vote-pelas-mulheres\/\" class=\"exad-post-grid-author-date\">novembro 12, 2020<\/a>\n                                <\/span>                          \n                            <\/li> \n                           \n                    <\/ul>\n                \t\t\t\t\n\t\t\t\t\t\t\t\n                    <h3>\n\t\t\t\t\t\n\t\t\t\t\t\t\t\n                        <a href=\"https:\/\/novo2023.camtra.org.br\/index.php\/2020\/11\/12\/live-da-camtra-vote-pelas-mulheres\/\" class=\"exad-post-grid-title\">Live da CAMTRA &#8211; Vote Pelas Mulheres<\/a>\n\t\t\t\t\n\t\t\t\t\t\t\t\t\t\n                    <\/h3>\n\t\t\t\t\t\n\t\t\t\t\t\t\t\t\n                                <div class=\"exad-post-grid-description\">\n                    Neste #S\u00e1badoFeminista (14\/11) teremos mais uma LIVE DA CAMTRA! Esta semana o tema ser\u00e1 \"Vote Pelas Mulheres\"                <\/div>\n                            <div class=\"exad-post-footer\"><a href=\"https:\/\/novo2023.camtra.org.br\/index.php\/2020\/11\/12\/live-da-camtra-vote-pelas-mulheres\/\" target=\"_blank\" class=\"read-more\">Saiba mais<\/a><\/div>\n            \n        <\/div>\n            <\/div>\n<\/article>\n\n<article class=\"exad-post-grid-three exad-col  \">\n    <div class=\"exad-post-grid-container image-position-top exad-post-grid-equal-height-\">\n                    <figure class=\"exad-post-grid-thumbnail\">\n                <a href=\"https:\/\/novo2023.camtra.org.br\/index.php\/2020\/10\/31\/live-da-camtra-mulheres-jovens-na-luta-contra-o-racismo-machismo-e-a-lesbofobia-em-tempo-de-covid_19\/\">\n                    <img decoding=\"async\" width=\"768\" height=\"768\" src=\"https:\/\/novo2023.camtra.org.br\/wp-content\/uploads\/2020\/11\/mulheres-jovens-na-luta-contra-o-racismo-machismos-e-lesbofobia-768x768.png\" class=\"attachment-medium_large size-medium_large wp-post-image\" alt=\"\" \/>                <\/a>\n                \n                            <\/figure>\n        \n        <div class=\"exad-post-grid-body\">\n                            <ul class=\"exad-post-grid-category cat-posdefault\">\n                    <li><a href=\"https:\/\/novo2023.camtra.org.br\/index.php\/category\/camtra-covid-19\/\">CAMTRA-COVID-19<\/a><\/li> <li><a href=\"https:\/\/novo2023.camtra.org.br\/index.php\/category\/live-do-camtra\/\">Live do CAMTRA<\/a><\/li> <li><a href=\"https:\/\/novo2023.camtra.org.br\/index.php\/category\/racismo\/\">Racismo<\/a><\/li>                <\/ul>\n                                <ul class=\"exad-post-data show-avatar-no\">\n                                                                            <li class=\"exad-post-date\">\n                                <span>\n                                    Data:                                     <a href=\"https:\/\/novo2023.camtra.org.br\/index.php\/2020\/10\/31\/live-da-camtra-mulheres-jovens-na-luta-contra-o-racismo-machismo-e-a-lesbofobia-em-tempo-de-covid_19\/\" class=\"exad-post-grid-author-date\">outubro 31, 2020<\/a>\n                                <\/span>                          \n                            <\/li> \n                           \n                    <\/ul>\n                \t\t\t\t\n\t\t\t\t\t\t\t\n                    <h3>\n\t\t\t\t\t\n\t\t\t\t\t\t\t\n                        <a href=\"https:\/\/novo2023.camtra.org.br\/index.php\/2020\/10\/31\/live-da-camtra-mulheres-jovens-na-luta-contra-o-racismo-machismo-e-a-lesbofobia-em-tempo-de-covid_19\/\" class=\"exad-post-grid-title\">Live da CAMTRA: Mulheres Jovens na Luta Contra o Racismo, Machismo e a Lesbofobia em Tempo de Covid_19<\/a>\n\t\t\t\t\n\t\t\t\t\t\t\t\t\t\n                    <\/h3>\n\t\t\t\t\t\n\t\t\t\t\t\t\t\t\n                                <div class=\"exad-post-grid-description\">\n                    Neste #Sa\u0301badoFeminista (31\/10) tivemos mais uma LIVE DA CAMTRA! Esta semana o tema sera\u0301 \"Mulheres Jovens na Luta Contra o Racismo, Machismos e Lesbofobia\u201d                <\/div>\n                            <div class=\"exad-post-footer\"><a href=\"https:\/\/novo2023.camtra.org.br\/index.php\/2020\/10\/31\/live-da-camtra-mulheres-jovens-na-luta-contra-o-racismo-machismo-e-a-lesbofobia-em-tempo-de-covid_19\/\" target=\"_blank\" class=\"read-more\">Saiba mais<\/a><\/div>\n            \n        <\/div>\n            <\/div>\n<\/article>\n\n<article class=\"exad-post-grid-three exad-col  \">\n    <div class=\"exad-post-grid-container image-position-top exad-post-grid-equal-height-\">\n                    <figure class=\"exad-post-grid-thumbnail\">\n                <a href=\"https:\/\/novo2023.camtra.org.br\/index.php\/2020\/10\/24\/live-da-camtra-trabalho-domestico-racismo-e-desemprego-em-tempos-de-covid-19\/\">\n                    <img decoding=\"async\" width=\"768\" height=\"768\" src=\"https:\/\/novo2023.camtra.org.br\/wp-content\/uploads\/2020\/10\/Live-Trabalho-domestico-768x768.jpg\" class=\"attachment-medium_large size-medium_large wp-post-image\" alt=\"\" \/>                <\/a>\n                \n                            <\/figure>\n        \n        <div class=\"exad-post-grid-body\">\n                            <ul class=\"exad-post-grid-category cat-posdefault\">\n                    <li><a href=\"https:\/\/novo2023.camtra.org.br\/index.php\/category\/live-do-camtra\/\">Live do CAMTRA<\/a><\/li> <li><a href=\"https:\/\/novo2023.camtra.org.br\/index.php\/category\/racismo\/\">Racismo<\/a><\/li> <li><a href=\"https:\/\/novo2023.camtra.org.br\/index.php\/category\/trabalho\/\">Trabalho<\/a><\/li>                <\/ul>\n                                <ul class=\"exad-post-data show-avatar-no\">\n                                                                            <li class=\"exad-post-date\">\n                                <span>\n                                    Data:                                     <a href=\"https:\/\/novo2023.camtra.org.br\/index.php\/2020\/10\/24\/live-da-camtra-trabalho-domestico-racismo-e-desemprego-em-tempos-de-covid-19\/\" class=\"exad-post-grid-author-date\">outubro 24, 2020<\/a>\n                                <\/span>                          \n                            <\/li> \n                           \n                    <\/ul>\n                \t\t\t\t\n\t\t\t\t\t\t\t\n                    <h3>\n\t\t\t\t\t\n\t\t\t\t\t\t\t\n                        <a href=\"https:\/\/novo2023.camtra.org.br\/index.php\/2020\/10\/24\/live-da-camtra-trabalho-domestico-racismo-e-desemprego-em-tempos-de-covid-19\/\" class=\"exad-post-grid-title\">Live da CAMTRA: Trabalho Dom\u00e9stico, Racismo e Desemprego em Tempos de Covid-19<\/a>\n\t\t\t\t\n\t\t\t\t\t\t\t\t\t\n                    <\/h3>\n\t\t\t\t\t\n\t\t\t\t\t\t\t\t\n                                <div class=\"exad-post-grid-description\">\n                    Neste #Sa\u0301badoFeminista (24\/10) teremos mais uma LIVE DA CAMTRA! Esta semana o tema sera\u0301 \"Trabalho Dom\u00e9stico, Racismo e Desemprego em Tempos de Covid-19.\u201d                <\/div>\n                            <div class=\"exad-post-footer\"><a href=\"https:\/\/novo2023.camtra.org.br\/index.php\/2020\/10\/24\/live-da-camtra-trabalho-domestico-racismo-e-desemprego-em-tempos-de-covid-19\/\" target=\"_blank\" class=\"read-more\">Saiba mais<\/a><\/div>\n            \n        <\/div>\n            <\/div>\n<\/article>\n\n<article class=\"exad-post-grid-three exad-col  \">\n    <div class=\"exad-post-grid-container image-position-top exad-post-grid-equal-height-\">\n                    <figure class=\"exad-post-grid-thumbnail\">\n                <a href=\"https:\/\/novo2023.camtra.org.br\/index.php\/2020\/10\/17\/live-da-camtra-a-luta-por-creche-como-direito-das-criancas-e-das-mulheres\/\">\n                    <img loading=\"lazy\" decoding=\"async\" width=\"768\" height=\"768\" src=\"https:\/\/novo2023.camtra.org.br\/wp-content\/uploads\/2020\/10\/LIVE-CRECHE-2-768x768.jpg\" class=\"attachment-medium_large size-medium_large wp-post-image\" alt=\"\" \/>                <\/a>\n                \n                            <\/figure>\n        \n        <div class=\"exad-post-grid-body\">\n                            <ul class=\"exad-post-grid-category cat-posdefault\">\n                    <li><a href=\"https:\/\/novo2023.camtra.org.br\/index.php\/category\/direitos-sexuais-e-reprodutivos\/\">Direitos sexuais e reprodutivos<\/a><\/li> <li><a href=\"https:\/\/novo2023.camtra.org.br\/index.php\/category\/live-do-camtra\/\">Live do CAMTRA<\/a><\/li>                <\/ul>\n                                <ul class=\"exad-post-data show-avatar-no\">\n                                                                            <li class=\"exad-post-date\">\n                                <span>\n                                    Data:                                     <a href=\"https:\/\/novo2023.camtra.org.br\/index.php\/2020\/10\/17\/live-da-camtra-a-luta-por-creche-como-direito-das-criancas-e-das-mulheres\/\" class=\"exad-post-grid-author-date\">outubro 17, 2020<\/a>\n                                <\/span>                          \n                            <\/li> \n                           \n                    <\/ul>\n                \t\t\t\t\n\t\t\t\t\t\t\t\n                    <h3>\n\t\t\t\t\t\n\t\t\t\t\t\t\t\n                        <a href=\"https:\/\/novo2023.camtra.org.br\/index.php\/2020\/10\/17\/live-da-camtra-a-luta-por-creche-como-direito-das-criancas-e-das-mulheres\/\" class=\"exad-post-grid-title\">Live da CAMTRA: A Luta por Creche Como Direito das Crian\u00e7as e das Mulheres<\/a>\n\t\t\t\t\n\t\t\t\t\t\t\t\t\t\n                    <\/h3>\n\t\t\t\t\t\n\t\t\t\t\t\t\t\t\n                                <div class=\"exad-post-grid-description\">\n                    Neste #Sa\u0301badoFeminista (17\/10) teremos mais uma LIVE DA CAMTRA! Esta semana o tema sera\u0301 \"A \u00a0Luta por Creche Como Direito das Crian\u00e7as e das Mulheres\"                <\/div>\n                            <div class=\"exad-post-footer\"><a href=\"https:\/\/novo2023.camtra.org.br\/index.php\/2020\/10\/17\/live-da-camtra-a-luta-por-creche-como-direito-das-criancas-e-das-mulheres\/\" target=\"_blank\" class=\"read-more\">Saiba mais<\/a><\/div>\n            \n        <\/div>\n            <\/div>\n<\/article>\n\n<article class=\"exad-post-grid-three exad-col  \">\n    <div class=\"exad-post-grid-container image-position-top exad-post-grid-equal-height-\">\n                    <figure class=\"exad-post-grid-thumbnail\">\n                <a href=\"https:\/\/novo2023.camtra.org.br\/index.php\/2020\/10\/09\/live-da-camtra\/\">\n                    <img loading=\"lazy\" decoding=\"async\" width=\"768\" height=\"768\" src=\"https:\/\/novo2023.camtra.org.br\/wp-content\/uploads\/2020\/12\/A-mulher-idosa-e-o-impacto-da-covid-19-no-seu-cotidiano-10-10-768x768.png\" class=\"attachment-medium_large size-medium_large wp-post-image\" alt=\"\" \/>                <\/a>\n                \n                            <\/figure>\n        \n        <div class=\"exad-post-grid-body\">\n                            <ul class=\"exad-post-grid-category cat-posdefault\">\n                    <li><a href=\"https:\/\/novo2023.camtra.org.br\/index.php\/category\/camtra-covid-19\/\">CAMTRA-COVID-19<\/a><\/li> <li><a href=\"https:\/\/novo2023.camtra.org.br\/index.php\/category\/live-do-camtra\/\">Live do CAMTRA<\/a><\/li>                <\/ul>\n                                <ul class=\"exad-post-data show-avatar-no\">\n                                                                            <li class=\"exad-post-date\">\n                                <span>\n                                    Data:                                     <a href=\"https:\/\/novo2023.camtra.org.br\/index.php\/2020\/10\/09\/live-da-camtra\/\" class=\"exad-post-grid-author-date\">outubro 9, 2020<\/a>\n                                <\/span>                          \n                            <\/li> \n                           \n                    <\/ul>\n                \t\t\t\t\n\t\t\t\t\t\t\t\n                    <h3>\n\t\t\t\t\t\n\t\t\t\t\t\t\t\n                        <a href=\"https:\/\/novo2023.camtra.org.br\/index.php\/2020\/10\/09\/live-da-camtra\/\" class=\"exad-post-grid-title\">Live da Camtra- A Mulher Idosa e o Impacto da COVID 19 no Seu Cotidiano<\/a>\n\t\t\t\t\n\t\t\t\t\t\t\t\t\t\n                    <\/h3>\n\t\t\t\t\t\n\t\t\t\t\t\t\t\t\n                                <div class=\"exad-post-grid-description\">\n                    Neste #Sa\u0301badoFeminista (10\/10) teremos mais uma LIVE DA CAMTRA! Esta semana o tema sera\u0301 \"A Mulher Idosa e o Impacto da COVID 19 no Seu...                <\/div>\n                            <div class=\"exad-post-footer\"><a href=\"https:\/\/novo2023.camtra.org.br\/index.php\/2020\/10\/09\/live-da-camtra\/\" target=\"_blank\" class=\"read-more\">Saiba mais<\/a><\/div>\n            \n        <\/div>\n            <\/div>\n<\/article>\n\n<article class=\"exad-post-grid-three exad-col  \">\n    <div class=\"exad-post-grid-container image-position-top exad-post-grid-equal-height-\">\n                    <figure class=\"exad-post-grid-thumbnail\">\n                <a href=\"https:\/\/novo2023.camtra.org.br\/index.php\/2020\/09\/26\/live-da-camtra-luta-pela-descriminalizacao-e-pela-legalizacao-do-aborto-na-america-latina-e-caribe\/\">\n                    <img loading=\"lazy\" decoding=\"async\" width=\"768\" height=\"768\" src=\"https:\/\/novo2023.camtra.org.br\/wp-content\/uploads\/2020\/09\/live-aborto-768x768.png\" class=\"attachment-medium_large size-medium_large wp-post-image\" alt=\"\" \/>                <\/a>\n                \n                            <\/figure>\n        \n        <div class=\"exad-post-grid-body\">\n                            <ul class=\"exad-post-grid-category cat-posdefault\">\n                    <li><a href=\"https:\/\/novo2023.camtra.org.br\/index.php\/category\/live-do-camtra\/\">Live do CAMTRA<\/a><\/li> <li><a href=\"https:\/\/novo2023.camtra.org.br\/index.php\/category\/saude\/\">Sa\u00fade<\/a><\/li>                <\/ul>\n                                <ul class=\"exad-post-data show-avatar-no\">\n                                                                            <li class=\"exad-post-date\">\n                                <span>\n                                    Data:                                     <a href=\"https:\/\/novo2023.camtra.org.br\/index.php\/2020\/09\/26\/live-da-camtra-luta-pela-descriminalizacao-e-pela-legalizacao-do-aborto-na-america-latina-e-caribe\/\" class=\"exad-post-grid-author-date\">setembro 26, 2020<\/a>\n                                <\/span>                          \n                            <\/li> \n                           \n                    <\/ul>\n                \t\t\t\t\n\t\t\t\t\t\t\t\n                    <h3>\n\t\t\t\t\t\n\t\t\t\t\t\t\t\n                        <a href=\"https:\/\/novo2023.camtra.org.br\/index.php\/2020\/09\/26\/live-da-camtra-luta-pela-descriminalizacao-e-pela-legalizacao-do-aborto-na-america-latina-e-caribe\/\" class=\"exad-post-grid-title\">Live da Camtra- Luta pela Descriminaliza\u00e7\u00e3o e pela Legaliza\u00e7\u00e3o do Aborto na Am\u00e9rica Latina e Caribe<\/a>\n\t\t\t\t\n\t\t\t\t\t\t\t\t\t\n                    <\/h3>\n\t\t\t\t\t\n\t\t\t\t\t\t\t\t\n                                <div class=\"exad-post-grid-description\">\n                    Neste #S\u00e1badoFeminista (26\/09) tivemos mais uma LIVE DA CAMTRA! Esta semana o tema foi \"Luta pela Descriminaliza\u00e7\u00e3o e pela Legaliza\u00e7\u00e3o do Aborto na Am\u00e9rica Latina...                <\/div>\n                            <div class=\"exad-post-footer\"><a href=\"https:\/\/novo2023.camtra.org.br\/index.php\/2020\/09\/26\/live-da-camtra-luta-pela-descriminalizacao-e-pela-legalizacao-do-aborto-na-america-latina-e-caribe\/\" target=\"_blank\" class=\"read-more\">Saiba mais<\/a><\/div>\n            \n        <\/div>\n            <\/div>\n<\/article>\n\n<article class=\"exad-post-grid-three exad-col  \">\n    <div class=\"exad-post-grid-container image-position-top exad-post-grid-equal-height-\">\n                    <figure class=\"exad-post-grid-thumbnail\">\n                <a href=\"https:\/\/novo2023.camtra.org.br\/index.php\/2020\/09\/18\/live-da-camtra-dia-nacional-de-luta-das-pessoas-com-deficiencia\/\">\n                    <img loading=\"lazy\" decoding=\"async\" width=\"768\" height=\"768\" src=\"https:\/\/novo2023.camtra.org.br\/wp-content\/uploads\/2020\/09\/dia-nacional-de-luta-das-pessoas-com-deficiencia-768x768.jpg\" class=\"attachment-medium_large size-medium_large wp-post-image\" alt=\"\" \/>                <\/a>\n                \n                            <\/figure>\n        \n        <div class=\"exad-post-grid-body\">\n                            <ul class=\"exad-post-grid-category cat-posdefault\">\n                    <li><a href=\"https:\/\/novo2023.camtra.org.br\/index.php\/category\/live-do-camtra\/\">Live do CAMTRA<\/a><\/li> <li><a href=\"https:\/\/novo2023.camtra.org.br\/index.php\/category\/saude\/\">Sa\u00fade<\/a><\/li>                <\/ul>\n                                <ul class=\"exad-post-data show-avatar-no\">\n                                                                            <li class=\"exad-post-date\">\n                                <span>\n                                    Data:                                     <a href=\"https:\/\/novo2023.camtra.org.br\/index.php\/2020\/09\/18\/live-da-camtra-dia-nacional-de-luta-das-pessoas-com-deficiencia\/\" class=\"exad-post-grid-author-date\">setembro 18, 2020<\/a>\n                                <\/span>                          \n                            <\/li> \n                           \n                    <\/ul>\n                \t\t\t\t\n\t\t\t\t\t\t\t\n                    <h3>\n\t\t\t\t\t\n\t\t\t\t\t\t\t\n                        <a href=\"https:\/\/novo2023.camtra.org.br\/index.php\/2020\/09\/18\/live-da-camtra-dia-nacional-de-luta-das-pessoas-com-deficiencia\/\" class=\"exad-post-grid-title\">Live da CAMTRA- Dia Nacional de Luta das Pessoas com Defici\u00eancia<\/a>\n\t\t\t\t\n\t\t\t\t\t\t\t\t\t\n                    <\/h3>\n\t\t\t\t\t\n\t\t\t\t\t\t\t\t\n                                <div class=\"exad-post-grid-description\">\n                    Na quarta feira (16\/09\/2020) foram publicadas no Di\u00e1rio Oficial da Uni\u00e3o as regras para a concess\u00e3o do Aux\u00edlio Emergencial Residual. Este ser\u00e1 pago em 4...                <\/div>\n                            <div class=\"exad-post-footer\"><a href=\"https:\/\/novo2023.camtra.org.br\/index.php\/2020\/09\/18\/live-da-camtra-dia-nacional-de-luta-das-pessoas-com-deficiencia\/\" target=\"_blank\" class=\"read-more\">Saiba mais<\/a><\/div>\n            \n        <\/div>\n            <\/div>\n<\/article>\n\n<article class=\"exad-post-grid-three exad-col  \">\n    <div class=\"exad-post-grid-container image-position-top exad-post-grid-equal-height-\">\n                    <figure class=\"exad-post-grid-thumbnail\">\n                <a href=\"https:\/\/novo2023.camtra.org.br\/index.php\/2020\/09\/12\/live-da-camtra-mulheres-em-acao-na-luta-pela-igualdade-atuando-em-seus-territorios-em-tempo-de-covid-19\/\">\n                    <img loading=\"lazy\" decoding=\"async\" width=\"768\" height=\"768\" src=\"https:\/\/novo2023.camtra.org.br\/wp-content\/uploads\/2020\/09\/live-12-de-setembro-768x768.png\" class=\"attachment-medium_large size-medium_large wp-post-image\" alt=\"\" \/>                <\/a>\n                \n                            <\/figure>\n        \n        <div class=\"exad-post-grid-body\">\n                            <ul class=\"exad-post-grid-category cat-posdefault\">\n                    <li><a href=\"https:\/\/novo2023.camtra.org.br\/index.php\/category\/camtra-covid-19\/\">CAMTRA-COVID-19<\/a><\/li> <li><a href=\"https:\/\/novo2023.camtra.org.br\/index.php\/category\/live-do-camtra\/\">Live do CAMTRA<\/a><\/li>                <\/ul>\n                                <ul class=\"exad-post-data show-avatar-no\">\n                                                                            <li class=\"exad-post-date\">\n                                <span>\n                                    Data:                                     <a href=\"https:\/\/novo2023.camtra.org.br\/index.php\/2020\/09\/12\/live-da-camtra-mulheres-em-acao-na-luta-pela-igualdade-atuando-em-seus-territorios-em-tempo-de-covid-19\/\" class=\"exad-post-grid-author-date\">setembro 12, 2020<\/a>\n                                <\/span>                          \n                            <\/li> \n                           \n                    <\/ul>\n                \t\t\t\t\n\t\t\t\t\t\t\t\n                    <h3>\n\t\t\t\t\t\n\t\t\t\t\t\t\t\n                        <a href=\"https:\/\/novo2023.camtra.org.br\/index.php\/2020\/09\/12\/live-da-camtra-mulheres-em-acao-na-luta-pela-igualdade-atuando-em-seus-territorios-em-tempo-de-covid-19\/\" class=\"exad-post-grid-title\">Live DA CAMTRA- &#8220;Mulheres em A\u00e7\u00e3o na Luta pela Igualdade: Atuando em seus Territ\u00f3rios em Tempo de COVID-19&#8221;<\/a>\n\t\t\t\t\n\t\t\t\t\t\t\t\t\t\n                    <\/h3>\n\t\t\t\t\t\n\t\t\t\t\t\t\t\t\n                                <div class=\"exad-post-grid-description\">\n                    Neste #S\u00e1badoFeminista (11\/09) teremos mais uma LIVE DA CAMTRA! Esta semana o tema ser\u00e1\u00a0\"Mulheres em A\u00e7\u00e3o na Luta pela Igualdade: Atuando em seus Territ\u00f3rios em...                <\/div>\n                            <div class=\"exad-post-footer\"><a href=\"https:\/\/novo2023.camtra.org.br\/index.php\/2020\/09\/12\/live-da-camtra-mulheres-em-acao-na-luta-pela-igualdade-atuando-em-seus-territorios-em-tempo-de-covid-19\/\" target=\"_blank\" class=\"read-more\">Saiba mais<\/a><\/div>\n            \n        <\/div>\n            <\/div>\n<\/article>\n    \n\t\t\t<\/div>\n\t\t\t<div class=\"exad-post-grid-load-btn\">\n\t\t\t\t\t\t\t\t\t<a class=\"exad-post-grid-paginate-btn\" data-post-type=\"post\" data-posts_per_page=\"500\" data-post-offset=\"0\" data-post-order=\"desc\" data-post-order_by=\"date\" data-post-tag__in=\"172 359\" data-post-thumbnail=\"yes\" data-post-thumb-size=\"medium_large\" data-equal_height=\"\" data-enable_details_btn=\"yes\" data-details_btn_text=\"Saiba mais\" data-details_btn_text_tab=\"yes\" data-show-user-avatar=\"no\" data-show_user_name=\"\" data-post_data_position=\"post_data_middle\" data-show_title=\"yes\" data-show_title_parmalink=\"no\" data-title_full=\"yes\" data-title_tag=\"h3\" data-show_read_time=\"\" data-show_comment=\"\" data-show_excerpt=\"yes\" data-excerpt_length=\"25\" data-show_user_name_tag=\"\" data-user_name_tag=\"\" data-show_date=\"yes\" data-show_date_tag=\"yes\" data-date_tag=\"Data: \" data-title_length=\"\" data-image_align=\"top\" data-show_category=\"yes\" data-category_default_position=\"yes\" data-category_position_over_image=\"\" data-category=\"76\" data-tags=\"172 359\" data-offset=\"0\" data-exclude_post=\"\" href=\"#\" role=\"button\">\n\t\t\t\t\t\tCarregar mais Campanhas\t\t\t\t\t<\/a>\n\t\t\t\t\t\t\t<\/div>\n\t\t<\/div>\n\n\t\t\t<\/div>\n\t\t\t\t<\/div>\n\t\t\t\t\t<\/div>\n\t\t\t\t<\/div>\n\t\t\t\t<\/div>\n\t\t","protected":false},"excerpt":{"rendered":"<p>Live da CAMTRA Live do CAMTRA Pol\u00edtica Data: novembro 12, 2020 Live da CAMTRA &#8211; Vote Pelas Mulheres Neste #S\u00e1badoFeminista (14\/11) teremos mais uma LIVE DA CAMTRA! Esta semana o [&hellip;]<\/p>\n","protected":false},"author":1,"featured_media":0,"parent":0,"menu_order":0,"comment_status":"closed","ping_status":"closed","template":"","meta":{"om_disable_all_campaigns":false,"_monsterinsights_skip_tracking":false,"_monsterinsights_sitenote_active":false,"_monsterinsights_sitenote_note":"","_monsterinsights_sitenote_category":0,"_uf_show_specific_survey":0,"_uf_disable_surveys":false,"ocean_post_layout":"","ocean_both_sidebars_style":"","ocean_both_sidebars_content_width":0,"ocean_both_sidebars_sidebars_width":0,"ocean_sidebar":"","ocean_second_sidebar":"","ocean_disable_margins":"enable","ocean_add_body_class":"","ocean_shortcode_before_top_bar":"","ocean_shortcode_after_top_bar":"","ocean_shortcode_before_header":"","ocean_shortcode_after_header":"","ocean_has_shortcode":"","ocean_shortcode_after_title":"","ocean_shortcode_before_footer_widgets":"","ocean_shortcode_after_footer_widgets":"","ocean_shortcode_before_footer_bottom":"","ocean_shortcode_after_footer_bottom":"","ocean_display_top_bar":"default","ocean_display_header":"default","ocean_header_style":"","ocean_center_header_left_menu":"","ocean_custom_header_template":"","ocean_custom_logo":0,"ocean_custom_retina_logo":0,"ocean_custom_logo_max_width":0,"ocean_custom_logo_tablet_max_width":0,"ocean_custom_logo_mobile_max_width":0,"ocean_custom_logo_max_height":0,"ocean_custom_logo_tablet_max_height":0,"ocean_custom_logo_mobile_max_height":0,"ocean_header_custom_menu":"","ocean_menu_typo_font_family":"","ocean_menu_typo_font_subset":"","ocean_menu_typo_font_size":0,"ocean_menu_typo_font_size_tablet":0,"ocean_menu_typo_font_size_mobile":0,"ocean_menu_typo_font_size_unit":"px","ocean_menu_typo_font_weight":"","ocean_menu_typo_font_weight_tablet":"","ocean_menu_typo_font_weight_mobile":"","ocean_menu_typo_transform":"","ocean_menu_typo_transform_tablet":"","ocean_menu_typo_transform_mobile":"","ocean_menu_typo_line_height":0,"ocean_menu_typo_line_height_tablet":0,"ocean_menu_typo_line_height_mobile":0,"ocean_menu_typo_line_height_unit":"","ocean_menu_typo_spacing":0,"ocean_menu_typo_spacing_tablet":0,"ocean_menu_typo_spacing_mobile":0,"ocean_menu_typo_spacing_unit":"","ocean_menu_link_color":"","ocean_menu_link_color_hover":"","ocean_menu_link_color_active":"","ocean_menu_link_background":"","ocean_menu_link_hover_background":"","ocean_menu_link_active_background":"","ocean_menu_social_links_bg":"","ocean_menu_social_hover_links_bg":"","ocean_menu_social_links_color":"","ocean_menu_social_hover_links_color":"","ocean_disable_title":"default","ocean_disable_heading":"default","ocean_post_title":"","ocean_post_subheading":"","ocean_post_title_style":"","ocean_post_title_background_color":"","ocean_post_title_background":0,"ocean_post_title_bg_image_position":"","ocean_post_title_bg_image_attachment":"","ocean_post_title_bg_image_repeat":"","ocean_post_title_bg_image_size":"","ocean_post_title_height":0,"ocean_post_title_bg_overlay":0.5,"ocean_post_title_bg_overlay_color":"","ocean_disable_breadcrumbs":"default","ocean_breadcrumbs_color":"","ocean_breadcrumbs_separator_color":"","ocean_breadcrumbs_links_color":"","ocean_breadcrumbs_links_hover_color":"","ocean_display_footer_widgets":"default","ocean_display_footer_bottom":"default","ocean_custom_footer_template":"","footnotes":""},"class_list":["post-12285","page","type-page","status-publish","hentry","entry","has-media"],"aioseo_notices":[],"yoast_head":"<!-- This site is optimized with the Yoast SEO plugin v23.0 - https:\/\/yoast.com\/wordpress\/plugins\/seo\/ -->\n<title>Lives da CAMTRA - CAMTRA NOVO<\/title>\n<meta name=\"robots\" content=\"index, follow, max-snippet:-1, max-image-preview:large, max-video-preview:-1\" \/>\n<link rel=\"canonical\" href=\"https:\/\/novo2023.camtra.org.br\/index.php\/live-da-camtra\/\" \/>\n<meta property=\"og:locale\" content=\"pt_BR\" \/>\n<meta property=\"og:type\" content=\"article\" \/>\n<meta property=\"og:title\" content=\"Lives da CAMTRA - CAMTRA NOVO\" \/>\n<meta property=\"og:description\" content=\"Live da CAMTRA Live do CAMTRA Pol\u00edtica Data: novembro 12, 2020 Live da CAMTRA &#8211; Vote Pelas Mulheres Neste #S\u00e1badoFeminista (14\/11) teremos mais uma LIVE DA CAMTRA! Esta semana o [&hellip;]\" \/>\n<meta property=\"og:url\" content=\"https:\/\/novo2023.camtra.org.br\/index.php\/live-da-camtra\/\" \/>\n<meta property=\"og:site_name\" content=\"CAMTRA NOVO\" \/>\n<meta property=\"article:modified_time\" content=\"2024-07-11T19:20:51+00:00\" \/>\n<meta property=\"og:image\" content=\"https:\/\/novo2023.camtra.org.br\/wp-content\/uploads\/2020\/11\/Vote-Pelas-Mulheres-1-768x768.png\" \/>\n<meta name=\"twitter:card\" content=\"summary_large_image\" \/>\n<meta name=\"twitter:label1\" content=\"Est. tempo de leitura\" \/>\n\t<meta name=\"twitter:data1\" content=\"4 minutos\" \/>\n<script type=\"application\/ld+json\" class=\"yoast-schema-graph\">{\"@context\":\"https:\/\/schema.org\",\"@graph\":[{\"@type\":\"WebPage\",\"@id\":\"https:\/\/novo2023.camtra.org.br\/index.php\/live-da-camtra\/\",\"url\":\"https:\/\/novo2023.camtra.org.br\/index.php\/live-da-camtra\/\",\"name\":\"Lives da CAMTRA - CAMTRA NOVO\",\"isPartOf\":{\"@id\":\"https:\/\/novo2023.camtra.org.br\/#website\"},\"primaryImageOfPage\":{\"@id\":\"https:\/\/novo2023.camtra.org.br\/index.php\/live-da-camtra\/#primaryimage\"},\"image\":{\"@id\":\"https:\/\/novo2023.camtra.org.br\/index.php\/live-da-camtra\/#primaryimage\"},\"thumbnailUrl\":\"https:\/\/novo2023.camtra.org.br\/wp-content\/uploads\/2020\/11\/Vote-Pelas-Mulheres-1-768x768.png\",\"datePublished\":\"2024-04-15T21:25:30+00:00\",\"dateModified\":\"2024-07-11T19:20:51+00:00\",\"breadcrumb\":{\"@id\":\"https:\/\/novo2023.camtra.org.br\/index.php\/live-da-camtra\/#breadcrumb\"},\"inLanguage\":\"pt-BR\",\"potentialAction\":[{\"@type\":\"ReadAction\",\"target\":[\"https:\/\/novo2023.camtra.org.br\/index.php\/live-da-camtra\/\"]}]},{\"@type\":\"ImageObject\",\"inLanguage\":\"pt-BR\",\"@id\":\"https:\/\/novo2023.camtra.org.br\/index.php\/live-da-camtra\/#primaryimage\",\"url\":\"https:\/\/novo2023.camtra.org.br\/wp-content\/uploads\/2020\/11\/Vote-Pelas-Mulheres-1.png\",\"contentUrl\":\"https:\/\/novo2023.camtra.org.br\/wp-content\/uploads\/2020\/11\/Vote-Pelas-Mulheres-1.png\",\"width\":1080,\"height\":1080},{\"@type\":\"BreadcrumbList\",\"@id\":\"https:\/\/novo2023.camtra.org.br\/index.php\/live-da-camtra\/#breadcrumb\",\"itemListElement\":[{\"@type\":\"ListItem\",\"position\":1,\"name\":\"Home\",\"item\":\"https:\/\/novo2023.camtra.org.br\/\"},{\"@type\":\"ListItem\",\"position\":2,\"name\":\"Lives da CAMTRA\"}]},{\"@type\":\"WebSite\",\"@id\":\"https:\/\/novo2023.camtra.org.br\/#website\",\"url\":\"https:\/\/novo2023.camtra.org.br\/\",\"name\":\"CAMTRA NOVO\",\"description\":\"\",\"publisher\":{\"@id\":\"https:\/\/novo2023.camtra.org.br\/#organization\"},\"potentialAction\":[{\"@type\":\"SearchAction\",\"target\":{\"@type\":\"EntryPoint\",\"urlTemplate\":\"https:\/\/novo2023.camtra.org.br\/?s={search_term_string}\"},\"query-input\":\"required name=search_term_string\"}],\"inLanguage\":\"pt-BR\"},{\"@type\":\"Organization\",\"@id\":\"https:\/\/novo2023.camtra.org.br\/#organization\",\"name\":\"CAMTRA NOVO\",\"url\":\"https:\/\/novo2023.camtra.org.br\/\",\"logo\":{\"@type\":\"ImageObject\",\"inLanguage\":\"pt-BR\",\"@id\":\"https:\/\/novo2023.camtra.org.br\/#\/schema\/logo\/image\/\",\"url\":\"https:\/\/novo2023.camtra.org.br\/wp-content\/uploads\/2024\/01\/CAMTRA-comflor-roxa-logo_logo-camtra-principal-flor.png\",\"contentUrl\":\"https:\/\/novo2023.camtra.org.br\/wp-content\/uploads\/2024\/01\/CAMTRA-comflor-roxa-logo_logo-camtra-principal-flor.png\",\"width\":1172,\"height\":330,\"caption\":\"CAMTRA NOVO\"},\"image\":{\"@id\":\"https:\/\/novo2023.camtra.org.br\/#\/schema\/logo\/image\/\"}}]}<\/script>\n<!-- \/ Yoast SEO plugin. -->","yoast_head_json":{"title":"Lives da CAMTRA - CAMTRA NOVO","robots":{"index":"index","follow":"follow","max-snippet":"max-snippet:-1","max-image-preview":"max-image-preview:large","max-video-preview":"max-video-preview:-1"},"canonical":"https:\/\/novo2023.camtra.org.br\/index.php\/live-da-camtra\/","og_locale":"pt_BR","og_type":"article","og_title":"Lives da CAMTRA - CAMTRA NOVO","og_description":"Live da CAMTRA Live do CAMTRA Pol\u00edtica Data: novembro 12, 2020 Live da CAMTRA &#8211; Vote Pelas Mulheres Neste #S\u00e1badoFeminista (14\/11) teremos mais uma LIVE DA CAMTRA! Esta semana o [&hellip;]","og_url":"https:\/\/novo2023.camtra.org.br\/index.php\/live-da-camtra\/","og_site_name":"CAMTRA NOVO","article_modified_time":"2024-07-11T19:20:51+00:00","og_image":[{"url":"https:\/\/novo2023.camtra.org.br\/wp-content\/uploads\/2020\/11\/Vote-Pelas-Mulheres-1-768x768.png"}],"twitter_card":"summary_large_image","twitter_misc":{"Est. tempo de leitura":"4 minutos"},"schema":{"@context":"https:\/\/schema.org","@graph":[{"@type":"WebPage","@id":"https:\/\/novo2023.camtra.org.br\/index.php\/live-da-camtra\/","url":"https:\/\/novo2023.camtra.org.br\/index.php\/live-da-camtra\/","name":"Lives da CAMTRA - CAMTRA NOVO","isPartOf":{"@id":"https:\/\/novo2023.camtra.org.br\/#website"},"primaryImageOfPage":{"@id":"https:\/\/novo2023.camtra.org.br\/index.php\/live-da-camtra\/#primaryimage"},"image":{"@id":"https:\/\/novo2023.camtra.org.br\/index.php\/live-da-camtra\/#primaryimage"},"thumbnailUrl":"https:\/\/novo2023.camtra.org.br\/wp-content\/uploads\/2020\/11\/Vote-Pelas-Mulheres-1-768x768.png","datePublished":"2024-04-15T21:25:30+00:00","dateModified":"2024-07-11T19:20:51+00:00","breadcrumb":{"@id":"https:\/\/novo2023.camtra.org.br\/index.php\/live-da-camtra\/#breadcrumb"},"inLanguage":"pt-BR","potentialAction":[{"@type":"ReadAction","target":["https:\/\/novo2023.camtra.org.br\/index.php\/live-da-camtra\/"]}]},{"@type":"ImageObject","inLanguage":"pt-BR","@id":"https:\/\/novo2023.camtra.org.br\/index.php\/live-da-camtra\/#primaryimage","url":"https:\/\/novo2023.camtra.org.br\/wp-content\/uploads\/2020\/11\/Vote-Pelas-Mulheres-1.png","contentUrl":"https:\/\/novo2023.camtra.org.br\/wp-content\/uploads\/2020\/11\/Vote-Pelas-Mulheres-1.png","width":1080,"height":1080},{"@type":"BreadcrumbList","@id":"https:\/\/novo2023.camtra.org.br\/index.php\/live-da-camtra\/#breadcrumb","itemListElement":[{"@type":"ListItem","position":1,"name":"Home","item":"https:\/\/novo2023.camtra.org.br\/"},{"@type":"ListItem","position":2,"name":"Lives da CAMTRA"}]},{"@type":"WebSite","@id":"https:\/\/novo2023.camtra.org.br\/#website","url":"https:\/\/novo2023.camtra.org.br\/","name":"CAMTRA NOVO","description":"","publisher":{"@id":"https:\/\/novo2023.camtra.org.br\/#organization"},"potentialAction":[{"@type":"SearchAction","target":{"@type":"EntryPoint","urlTemplate":"https:\/\/novo2023.camtra.org.br\/?s={search_term_string}"},"query-input":"required name=search_term_string"}],"inLanguage":"pt-BR"},{"@type":"Organization","@id":"https:\/\/novo2023.camtra.org.br\/#organization","name":"CAMTRA NOVO","url":"https:\/\/novo2023.camtra.org.br\/","logo":{"@type":"ImageObject","inLanguage":"pt-BR","@id":"https:\/\/novo2023.camtra.org.br\/#\/schema\/logo\/image\/","url":"https:\/\/novo2023.camtra.org.br\/wp-content\/uploads\/2024\/01\/CAMTRA-comflor-roxa-logo_logo-camtra-principal-flor.png","contentUrl":"https:\/\/novo2023.camtra.org.br\/wp-content\/uploads\/2024\/01\/CAMTRA-comflor-roxa-logo_logo-camtra-principal-flor.png","width":1172,"height":330,"caption":"CAMTRA NOVO"},"image":{"@id":"https:\/\/novo2023.camtra.org.br\/#\/schema\/logo\/image\/"}}]}},"_links":{"self":[{"href":"https:\/\/novo2023.camtra.org.br\/index.php\/wp-json\/wp\/v2\/pages\/12285"}],"collection":[{"href":"https:\/\/novo2023.camtra.org.br\/index.php\/wp-json\/wp\/v2\/pages"}],"about":[{"href":"https:\/\/novo2023.camtra.org.br\/index.php\/wp-json\/wp\/v2\/types\/page"}],"author":[{"embeddable":true,"href":"https:\/\/novo2023.camtra.org.br\/index.php\/wp-json\/wp\/v2\/users\/1"}],"replies":[{"embeddable":true,"href":"https:\/\/novo2023.camtra.org.br\/index.php\/wp-json\/wp\/v2\/comments?post=12285"}],"version-history":[{"count":12,"href":"https:\/\/novo2023.camtra.org.br\/index.php\/wp-json\/wp\/v2\/pages\/12285\/revisions"}],"predecessor-version":[{"id":14119,"href":"https:\/\/novo2023.camtra.org.br\/index.php\/wp-json\/wp\/v2\/pages\/12285\/revisions\/14119"}],"wp:attachment":[{"href":"https:\/\/novo2023.camtra.org.br\/index.php\/wp-json\/wp\/v2\/media?parent=12285"}],"curies":[{"name":"wp","href":"https:\/\/api.w.org\/{rel}","templated":true}]}}